{"id":873,"date":"2020-10-09T14:24:51","date_gmt":"2020-10-09T12:24:51","guid":{"rendered":"https:\/\/pminterim.de\/?page_id=873"},"modified":"2023-03-03T20:18:54","modified_gmt":"2023-03-03T18:18:54","slug":"datenschutz","status":"publish","type":"page","link":"https:\/\/pminterim.de\/?page_id=873","title":{"rendered":"Datenschutz"},"content":{"rendered":"<div class=\"post-content\">\n<div class=\"wp-block-group has-text-color\" style=\"color:#454545\"><div class=\"wp-block-group__inner-container is-layout-flow wp-block-group-is-layout-flow\">\n<h5 class=\"wp-block-heading\" style=\"font-size:15px\">I. <strong>Name und Anschrift des Verantwortlichen<\/strong><\/h5>\n\n\n<p class=\"fonts-plugin-block \" style=\"font-size: 13px !important;color: #656565 !important\">Der Verantwortliche im Sinne der Datenschutz-Grundverordnung und anderer nationaler Datenschutzgesetze der Mitgliedsstaaten sowie sonstiger datenschutzrechtlicher Bestimmungen ist:<br><br>PMinterim GmbH<br>Patrick Minner<br>Krifteler Str. 23<br>60326 Frankfurt<\/p>\n\n\n<h5 class=\"wp-block-heading\" style=\"font-size:15px\">II. <strong>Allgemeines zur Datenverarbeitung<\/strong><\/h5>\n\n\n<h6 class=\"fonts-plugin-block \" style=\"font-size: 13px !important;color: #656565 !important\"><em>1. Umfang der Verarbeitung personenbezogener Daten<\/em><br>Wir verarbeiten personenbezogene Daten unserer Nutzer grunds\u00e4tzlich nur, soweit dies zur Bereitstellung einer funktionsf\u00e4higen Website sowie unserer Inhalte und Leistungen erforderlich ist. Die Verarbeitung personenbezogener Daten unserer Nutzer erfolgt regelm\u00e4\u00dfig nur nach Einwilligung des Nutzers. Eine Ausnahme gilt in solchen F\u00e4llen, in denen eine vorherige Einholung einer Einwilligung aus tats\u00e4chlichen Gr\u00fcnden nicht m\u00f6glich ist und die Verarbeitung der Daten durch gesetzliche Vorschriften gestattet ist.<\/h6>\n\n<h6 class=\"fonts-plugin-block \" style=\"font-size: 13px !important;color: #656565 !important\">2. <em>Rechtsgrundlage f\u00fcr die Verarbeitung personenbezogener Daten<\/em><br>Sofern Sie in die Datenverarbeitung eingewilligt haben, verarbeiten wir Ihre personenbezogenen Daten auf Grundlage von Art. 6 Abs. 1 lit. a DSGVO bzw. Art. 9 Abs. 2 lit. a DSGVO, sofern besondere Datenkategorien nach Art. 9 Abs. 1 DSGVO verarbeitet werden. Im Falle einer ausdr\u00fccklichen Einwilligung in die \u00dcbertragung personenbezogener Daten in Drittstaaten erfolgt die Datenverarbeitung au\u00dferdem auf Grundlage von Art. 49 Abs. 1 lit. a DSGVO. Sofern Sie in die Speicherung von Cookies oder in den Zugriff auf Informationen in Ihr Endger\u00e4t (z. B. via Device-Fingerprinting) eingewilligt haben, erfolgt die Datenverarbeitung zus\u00e4tzlich auf Grundlage von \u00a7 25 Abs. 1 TTDSG. Die Einwilligung ist jederzeit widerrufbar. Sind Ihre Daten zur Vertragserf\u00fcllung oder zur Durchf\u00fchrung vorvertraglicher Ma\u00dfnahmen erforderlich, verarbeiten wir Ihre Daten auf Grundlage des Art. 6 Abs. 1 lit. b DSGVO. Des Weiteren verarbeiten wir Ihre Daten, sofern diese zur Erf\u00fcllung einer rechtlichen Verpflichtung erforderlich sind auf Grundlage von Art. 6 Abs. 1 lit. c DSGVO. Die Datenverarbeitung kann ferner auf Grundlage unseres berechtigten Interesses nach Art. 6 Abs. 1 lit. f DSGVO erfolgen. \u00dcber die jeweils im Einzelfall einschl\u00e4gigen Rechtsgrundlagen wird in den folgenden Abs\u00e4tzen dieser Datenschutzerkl\u00e4rung informiert.<\/h6>\n\n<h6 class=\"fonts-plugin-block \" style=\"font-size: 13px !important;color: #656565 !important\">3. <em>Datenl\u00f6schung und Speicherdauer<\/em><br>Die personenbezogenen Daten der betroffenen Person werden gel\u00f6scht oder gesperrt, sobald der Zweck der Speicherung entf\u00e4llt. Eine Speicherung kann dar\u00fcber hinaus erfolgen, wenn dies durch den europ\u00e4ischen oder nationalen Gesetzgeber in unionsrechtlichen Verordnungen, Gesetzen oder sonstigen Vorschriften, denen der Verantwortliche unterliegt, vorgesehen wurde. Eine Sperrung oder L\u00f6schung der Daten erfolgt auch dann, wenn eine durch die genannten Normen vorgeschriebene Speicherfrist abl\u00e4uft, es sei denn, dass eine Erforderlichkeit zur weiteren Speicherung der Daten f\u00fcr einen Vertragsabschluss oder eine Vertragserf\u00fcllung besteht.<\/h6>\n\n\n<h5 class=\"wp-block-heading\" style=\"font-size:15px\">III. <strong>Bereitstellung der Website und Erstellung von Logfiles<\/strong><\/h5>\n\n\n<h6 class=\"fonts-plugin-block \" style=\"font-size: 13px !important;color: #656565 !important\"><em>1. Beschreibung und Umfang der Datenverarbeitung<\/em><br>Bei jedem Aufruf unserer Internetseite erfasst unser System automatisiert Daten und Informationen vom Computersystem des aufrufenden Rechners. Folgende Daten werden hierbei erhoben:<br>(1) Informationen \u00fcber den Browsertyp und die verwendete Version<br>(2) Das Betriebssystem desNutzers<br>(3) Den Internet-Service-Provider des Nutzers<br>(4) Die IP-Adresse des Nutzers<br>(5) Datum und Uhrzeit des Zugriffs<br>(6) Websites, von denen das System des Nutzers auf unsere Internetseite gelangt<br>(7) Websites, die vom System des Nutzers \u00fcber unsere Website aufgerufen werden.<br><br>Die Daten werden ebenfalls in den Logfiles unseres Systems gespeichert. Nicht hiervon betroffen sind die IP-Adressen des Nutzers oder andere Daten, die die Zuordnung der Daten zu einem Nutzer erm\u00f6glichen. Eine Speicherung dieser Daten zusammen mit anderen personenbezogenen Daten des Nutzers findet nicht statt.<\/h6>\n\n<h6 class=\"fonts-plugin-block \" style=\"font-size: 13px !important;color: #656565 !important\"><em>2. Rechtsgrundlage f\u00fcr die Datenverarbeitung<\/em><br>Rechtsgrundlage f\u00fcr die vor\u00fcbergehende Speicherung der Daten ist Art. 6 Abs. 1 lit. f DSGVO.<\/h6>\n\n<h6 class=\"fonts-plugin-block \" style=\"font-size: 13px !important;color: #656565 !important\"><em>3. Zweck der Datenverarbeitung<\/em><br>Die vor\u00fcbergehende Speicherung der IP-Adresse durch das System ist notwendig, um eine Auslieferung der Website an den Rechner des Nutzers zu erm\u00f6glichen. Hierf\u00fcr muss die IP-Adresse des Nutzers f\u00fcr die Dauer der Sitzung gespeichert bleiben. In diesen Zwecken liegt auch unser berechtigtes Interesse an der Datenverarbeitung nach Art. 6 Abs. 1 lit. f DSGVO.<\/h6>\n\n<h6 class=\"fonts-plugin-block \" style=\"font-size: 13px !important;color: #656565 !important\"><em>4. Dauer der Speicherung<\/em><br>Die Daten werden gel\u00f6scht, sobald sie f\u00fcr die Erreichung des Zweckes ihrer Erhebung nicht mehr erforderlich sind. Im Falle der Erfassung der Daten zur Bereitstellung der Website ist dies der Fall, wenn die jeweilige Sitzung beendet ist.<\/h6>\n\n<h6 class=\"fonts-plugin-block \" style=\"font-size: 13px !important;color: #656565 !important\"><em>5. Widerspruchs- und Beseitigungsm\u00f6glichkeit<\/em><br>Die Erfassung der Daten zur Bereitstellung der Website und die Speicherung der Daten in Logfiles ist f\u00fcr den Betrieb der Internetseite zwingend erforderlich. Es besteht folglich seitens des Nutzers keine Widerspruchsm\u00f6glichkeit.<\/h6><\/div><\/div>\n\n\n\n<h5 class=\"wp-block-heading\" style=\"font-size:15px\">I<strong>V. Verwendung von Cookies<\/strong><\/h5>\n\n\n<h6 class=\"fonts-plugin-block \" style=\"font-size: 13px !important;color: #656565 !important\"><em>1. Beschreibung und Umfang der Datenverarbeitung<\/em><br>Unsere Webseite verwendet Cookies. Bei Cookies handelt es sich um Textdateien, die im Internetbrowser bzw. vom Internetbrowser auf dem Computersystem des Nutzers gespeichert werden. Ruft ein Nutzer eine Website auf, so kann ein Cookie auf dem Betriebssystem des Nutzers gespeichert werden. Dieser Cookie enth\u00e4lt eine charakteristische Zeichenfolge, die eine eindeutige Identifizierung des Browsers beim erneuten Aufrufen der Website erm\u00f6glicht. Wir setzen Cookies ein, um unsere Website nutzerfreundlicher zu gestalten. Einige Elemente unserer Internetseite erfordern es, dass der aufrufende Browser auch nach einem Seitenwechsel identifiziert werden kann.<\/h6>\n\n<h6 class=\"fonts-plugin-block \" style=\"font-size: 13px !important;color: #656565 !important\"><em>2. Rechtsgrundlage f\u00fcr die Datenverarbeitung<\/em><br>Die Rechtsgrundlage f\u00fcr die Verarbeitung personenbezogener Daten unter Verwendung von Cookies ist Art. 6 Abs. 1 lit. f DSGVO.<\/h6>\n\n<h6 class=\"fonts-plugin-block \" style=\"font-size: 13px !important;color: #656565 !important\"><em>3. Zweck der Datenverarbeitung<\/em><br>Der Zweck der Verwendung technisch notwendiger Cookies ist, die Nutzung von Websites f\u00fcr die Nutzer zu vereinfachen. Einige Funktionen unserer Internetseite k\u00f6nnen ohne den Einsatz von Cookies nicht angeboten werden. F\u00fcr diese ist es erforderlich, dass der Browser auch nach einem Seitenwechsel wiedererkannt wird. Die durch technisch notwendige Cookies erhobenen Nutzerdaten werden nicht zur Erstellung von Nutzerprofilen verwendet. Die Verwendung der Analyse-Cookies erfolgt zu dem Zweck, die Qualit\u00e4t unserer Website und ihre Inhalte zu verbessern. Durch die Analyse-Cookies erfahren wir, wie die Website genutzt wird und k\u00f6nnen so unser Angebot stetig optimieren. In diesen Zwecken liegt auch unser berechtigtes Interesse in der Verarbeitung der personenbezogenen Daten nach Art. 6 Abs. 1 lit. f DSGVO.<\/h6>\n\n<h6 class=\"fonts-plugin-block \" style=\"font-size: 13px !important;color: #656565 !important\"><em>4. Dauer der Speicherung, Widerspruchs- und Beseitigungsm\u00f6glichkeit<\/em><br>Cookies werden auf dem Rechner des Nutzers gespeichert und von diesem an unserer Seite \u00fcbermittelt. Daher haben Sie als Nutzer auch die volle Kontrolle \u00fcber die Verwendung von Cookies. Durch eine \u00c4nderung der Einstellungen in Ihrem Internetbrowser k\u00f6nnen Sie die \u00dcbertragung von Cookies deaktivieren oder einschr\u00e4nken. Bereits gespeicherte Cookies k\u00f6nnen jederzeit gel\u00f6scht werden. Dies kann auch automatisiert erfolgen. Werden Cookies f\u00fcr unsere Website deaktiviert, k\u00f6nnen m\u00f6glicherweise nicht mehr alle Funktionen der Website vollumf\u00e4nglich genutzt werden.<\/h6>\n\n\n<h5 class=\"wp-block-heading\" style=\"font-size:15px\"><strong>V. E-Mail-Kontakt<\/strong><\/h5>\n\n\n<h6 class=\"fonts-plugin-block \" style=\"font-size: 13px !important;color: #656565 !important\"><em>1. Beschreibung und Umfang der Datenverarbeitung<\/em><br>Auf unserer Internetseite ist eine Email-Adresse angegeben um mit uns in Kontakt zu treten. Nimmt ein Nutzer diese M\u00f6glichkeit wahr, so werden die mit der E-Mail \u00fcbermittelten personenbezogenen Daten des Nutzers gespeichert. Es erfolgt in diesem Zusammenhang keine Weitergabe der Daten an Dritte. Die Daten werden ausschlie\u00dflich f\u00fcr die Verarbeitung der Konversation verwendet.<\/h6>\n\n<h6 class=\"fonts-plugin-block \" style=\"font-size: 13px !important;color: #656565 !important\"><em>2. Rechtsgrundlage f\u00fcr die Datenverarbeitung<\/em><br>Rechtsgrundlage f\u00fcr die Verarbeitung der Daten, die im Zuge einer \u00dcbersendung einer E-Mail \u00fcbermittelt werden, ist Art. 6 Abs. 1 lit. f DSGVO. Zielt der E-Mail-Kontakt auf den Abschluss eines Vertrages ab, so ist zus\u00e4tzliche Rechtsgrundlage f\u00fcr die Verarbeitung Art. 6 Abs. 1 lit. b DSGVO.<\/h6>\n\n<h6 class=\"fonts-plugin-block \" style=\"font-size: 13px !important;color: #656565 !important\"><em>3. Zweck der Datenverarbeitung<\/em><br>Die Verarbeitung der personenbezogenen Daten aus der Eingabemaske dient uns allein zur Bearbeitung der Kontaktaufnahme. Im Falle einer Kontaktaufnahme per E-Mail liegt hieran auch das erforderliche berechtigte Interesse an der Verarbeitung der Daten. Die sonstigen w\u00e4hrend des Absende Vorgangs verarbeiteten personenbezogenen Daten dienen dazu, einen Missbrauch des Kontaktformulars zu verhindern und die Sicherheit unserer informationstechnischen Systeme sicherzustellen.<\/h6>\n\n<h6 class=\"fonts-plugin-block \" style=\"font-size: 13px !important;color: #656565 !important\"><em>4. Dauer der Speicherung<\/em><br>Die Daten werden gel\u00f6scht, sobald sie f\u00fcr die Erreichung des Zweckes ihrer Erhebung nicht mehr erforderlich sind. F\u00fcr die personenbezogenen Daten aus der Eingabemaske des Kontaktformulars und diejenigen, die per E-Mail \u00fcbersandt wurden, ist dies dann der Fall, wenn die jeweilige Konversation mit dem Nutzer beendet ist. Beendet ist die Konversation dann, wenn sich aus den Umst\u00e4nden entnehmen l\u00e4sst, dass der betroffene Sachverhalt abschlie\u00dfend gekl\u00e4rt ist. Die w\u00e4hrend des Absende Vorgangs zus\u00e4tzlich erhobenen personenbezogenen Daten werden sp\u00e4testens nach einer Frist von sieben Tagen gel\u00f6scht.<\/h6>\n\n<h6 class=\"fonts-plugin-block \" style=\"font-size: 13px !important;color: #656565 !important\"><em>5. Widerspruchs- und Beseitigungsm\u00f6glichkeit<\/em><br>Der Nutzer hat jederzeit die M\u00f6glichkeit, seine Einwilligung zur Verarbeitung der personenbezogenen Daten zu widerrufen. Nimmt der Nutzer per E-Mail Kontakt mit uns auf, so kann er der Speicherung seiner personenbezogenen Daten jederzeit widersprechen. In einem solchen Fall kann die Konversation nicht fortgef\u00fchrt werden. Alle personenbezogenen Daten, die im Zuge der Kontaktaufnahme gespeichert wurden, werden in diesem Fall gel\u00f6scht.<\/h6>\n\n\n<h5 class=\"wp-block-heading\" style=\"font-size:15px\"><strong>VI. Rechte der betroffenen Person<\/strong><\/h5>\n\n\n<p class=\"fonts-plugin-block \" style=\"font-size: 13px !important;color: #656565 !important\">Werden personenbezogene Daten von Ihnen verarbeitet, sind Sie Betroffener i.S.d. DSGVO und es stehen Ihnen folgende Rechte gegen\u00fcber dem Verantwortlichen zu:<\/p>\n\n<h6 class=\"fonts-plugin-block \" style=\"font-size: 13px !important;color: #656565 !important\"><em>1. Auskunftsrecht<\/em><br>Sie k\u00f6nnen von dem Verantwortlichen eine Best\u00e4tigung dar\u00fcber verlangen, ob personenbezogene Daten, die Sie betreffen, von uns verarbeitet werden. Liegt eine solche Verarbeitung vor, k\u00f6nnen Sie von dem Verantwortlichen \u00fcber folgende Informationen Auskunft verlangen<br>(1) die Zwecke, zu denen die personenbezogenen Daten verarbeitet werden;<br>(2) die Kategorien von personenbezogenen Daten, welche verarbeitet werden;<br>(3) die Empf\u00e4nger bzw. die Kategorien von Empf\u00e4ngern, gegen\u00fcber denen die betreffenden personenbezogenen Daten offengelegt wurden oder noch offengelegt werden;<br>(4) die geplante Dauer der Speicherung der Sie betreffenden personenbezogenen Daten oder, falls konkrete Angaben hierzu nicht m\u00f6glich sind, Kriterien f\u00fcr die Festlegung der Speicherdauer;<br>(5) das Bestehen eines Rechts auf Berichtigung oder L\u00f6schung der Sie betreffenden personenbezogenen Daten, eines Rechts auf Einschr\u00e4nkung der Verarbeitung durch den Verantwortlichen oder eines Widerspruchsrechts gegen diese Verarbeitung;<br>(6) das Bestehen eines Beschwerderechts bei einer Aufsichtsbeh\u00f6rde; Ihnen steht das Recht zu, Auskunft dar\u00fcber zu verlangen, ob die Sie betreffenden personenbezogenen Daten in ein Drittland oder an eine internationale Organisation \u00fcbermittelt werden. In diesem Zusammenhang k\u00f6nnen Sie verlangen, \u00fcber die geeigneten Garantien gem. Art. 46 DSGVO im Zusammenhang mit der \u00dcbermittlung unterrichtet zu werden.<\/h6>\n\n<h6 class=\"fonts-plugin-block \" style=\"font-size: 13px !important;color: #656565 !important\"><em>2. Recht auf Berichtigung<\/em><br>Sie haben ein Recht auf Berichtigung und\/oder Vervollst\u00e4ndigung gegen\u00fcber dem Verantwortlichen, sofern die verarbeiteten personenbezogenen Daten, die Sie betreffen, unrichtig oder unvollst\u00e4ndig sind. Der Verantwortliche hat die Berichtigung unverz\u00fcglich vorzunehmen.<\/h6>\n\n<h6 class=\"fonts-plugin-block \" style=\"font-size: 13px !important;color: #656565 !important\"><em>3. Recht auf Einschr\u00e4nkung der Verarbeitung<\/em><br>Unter den folgenden Voraussetzungen k\u00f6nnen Sie die Einschr\u00e4nkung der Verarbeitung der Sie betreffenden personenbezogenen Daten verlangen:<br>(1) wenn Sie die Richtigkeit der Sie betreffenden personenbezogenen f\u00fcr eine Dauer bestreiten, die es dem Verantwortlichen erm\u00f6glicht, die Richtigkeit der personenbezogenen Daten zu \u00fcberpr\u00fcfen;<br>(2) die Verarbeitung unrechtm\u00e4\u00dfig ist und Sie die L\u00f6schung der personenbezogenen Daten ablehnen und stattdessen die Einschr\u00e4nkung der Nutzung der personenbezogenen Daten verlangen;<br>(3) der Verantwortliche die personenbezogenen Daten f\u00fcr die Zwecke der Verarbeitung nicht l\u00e4nger ben\u00f6tigt, Sie diese jedoch zur Geltendmachung, Aus\u00fcbung oder Verteidigung von Rechtsanspr\u00fcchen ben\u00f6tigen, oder<br>(4) wenn Sie Widerspruch gegen die Verarbeitung gem\u00e4\u00df Art. 21 Abs. 1 DSGVO eingelegt haben und noch nicht feststeht, ob die berechtigten Gr\u00fcnde des Verantwortlichen gegen\u00fcber Ihren Gr\u00fcnden \u00fcberwiegen. Wurde die Verarbeitung der Sie betreffenden personenbezogenen Daten eingeschr\u00e4nkt, d\u00fcrfen diese Daten \u2013 von ihrer Speicherung abgesehen \u2013 nur mit Ihrer Einwilligung oder zur Geltendmachung, Aus\u00fcbung oder Verteidigung von Rechtsanspr\u00fcchen oder zum Schutz der Rechte einer anderen nat\u00fcrlichen oder juristischen Person oder aus Gr\u00fcnden eines wichtigen \u00f6ffentlichen Interesses der Union oder eines Mitgliedstaats verarbeitet werden. Wurde die Einschr\u00e4nkung der Verarbeitung nach den o.g. Voraussetzungen eingeschr\u00e4nkt, werden Sie von dem Verantwortlichen unterrichtet bevor die Einschr\u00e4nkung aufgehoben wird.<\/h6>\n\n<h6 class=\"fonts-plugin-block \" style=\"font-size: 13px !important;color: #656565 !important\"><em>4. Recht auf L\u00f6schung<\/em><br>Sie k\u00f6nnen von dem Verantwortlichen verlangen, dass die Sie betreffenden personenbezogenen Daten unverz\u00fcglich gel\u00f6scht werden, und der Verantwortliche ist verpflichtet, diese Daten unverz\u00fcglich zu l\u00f6schen, sofern einer der folgenden Gr\u00fcnde zutrifft:<br>(1) Die Sie betreffenden personenbezogenen Daten sind f\u00fcr die Zwecke, f\u00fcr die sie erhoben oder auf sonstige Weise verarbeitet wurden, nicht mehr notwendig.<br>(2) Sie widerrufen Ihre Einwilligung, auf die sich die Verarbeitung gem. Art. 6 Abs. 1 lit. a oder Art. 9 Abs. 2 lit. a DSGVO st\u00fctzte, und es fehlt an einer anderweitigen Rechtsgrundlage f\u00fcr die Verarbeitung.<br>(3) Sie legen gem. Art. 21 Abs. 1 DSGVO Widerspruch gegen die Verarbeitung ein und es liegen keine vorrangigen berechtigten Gr\u00fcnde f\u00fcr die Verarbeitung vor, oder Sie legen gem. Art. 21 Abs. 2 DSGVO Widerspruch gegen die Verarbeitung ein.<br>(4) Die Sie betreffenden personenbezogenen Daten wurden unrechtm\u00e4\u00dfig verarbeitet.<br>(5) Die L\u00f6schung der Sie betreffenden personenbezogenen Daten ist zur Erf\u00fcllung einer rechtlichen Verpflichtung nach dem Unionsrecht oder dem Recht der Mitgliedstaaten erforderlich, dem der Verantwortliche unterliegt.<br>(6) Die Sie betreffenden personenbezogenen Daten wurden in Bezug auf angebotene Dienste der Informationsgesellschaft gem\u00e4\u00df Art. 8 Abs. 1 DSGVO erhoben. Das Recht auf L\u00f6schung besteht nicht, soweit die Verarbeitung erforderlich ist<br>(a) zur Aus\u00fcbung des Rechts auf freie Meinungs\u00e4u\u00dferung und Information;<br>(b) zur Erf\u00fcllung einer rechtlichen Verpflichtung, die die Verarbeitung nach dem Recht der Union oder der Mitgliedstaaten, dem der Verantwortliche unterliegt erfordert, oder zur Wahrnehmung einer Aufgabe, die im \u00f6ffentlichen Interesse liegt oder in Aus\u00fcbung \u00f6ffentlicher Gewalt erfolgt, die dem Verantwortlichen \u00fcbertragen wurde<br>(c) aus Gr\u00fcnden des \u00f6ffentlichen Interesses im Bereich der \u00f6ffentlichen Gesundheit gem\u00e4\u00df Art. 9 Abs. 2 lit. h und i sowie Art. 9 Abs. 3 DSGVO;<br>(d) f\u00fcr im \u00f6ffentlichen Interesse liegende Archivzwecke, wissenschaftliche oder historische Forschungszwecke oder f\u00fcr statistische Zwecke gem. Art. 89 Abs. 1 DSGVO, soweit das unter Abschnitt a) genannte Recht voraussichtlich die Verwirklichung der Ziele dieser Verarbeitung unm\u00f6glich macht oder ernsthaft beeintr\u00e4chtigt, oderu<br>(e) zur Geltendmachung, Aus\u00fcbung oder Verteidigung von Rechtsanspr\u00fcchen.<\/h6>\n\n<h6 class=\"fonts-plugin-block \" style=\"font-size: 13px !important;color: #656565 !important\"><em>5. Recht auf Unterrichtung<\/em><br>Haben Sie das Recht auf Berichtigung, L\u00f6schung oder Einschr\u00e4nkung der Verarbeitung gegen\u00fcber dem Verantwortlichen geltend gemacht, ist dieser verpflichtet, allen Empf\u00e4ngern, denen die Sie betreffenden personenbezogenen Daten offengelegt wurden, diese Berichtigung oder L\u00f6schung der Daten oder Einschr\u00e4nkung der Verarbeitung mitzuteilen, es sei denn, dies erweist sich als unm\u00f6glich oder ist mit einem unverh\u00e4ltnism\u00e4\u00dfigen Aufwand verbunden. Ihnen steht gegen\u00fcber dem Verantwortlichen das Recht zu, \u00fcber diese Empf\u00e4nger unterrichtet zu werden.<\/h6>\n\n<h6 class=\"fonts-plugin-block \" style=\"font-size: 13px !important;color: #656565 !important\"><em>6. Recht auf Daten\u00fcbertragbarkeit<\/em><br>Sie haben das Recht, die Sie betreffenden personenbezogenen Daten, die Sie dem Verantwortlichen bereitgestellt haben, in einem strukturierten, g\u00e4ngigen und maschinenlesbaren Format zu erhalten. Au\u00dferdem haben Sie das Recht diese Daten einem anderen Verantwortlichen ohne Behinderung durch den Verantwortlichen, dem die personenbezogenen Daten bereitgestellt wurden, zu \u00fcbermitteln, sofern<br>(1) die Verarbeitung auf einer Einwilligung gem. Art. 6 Abs. 1 lit. a DSGVO oder Art. 9 Abs. 2 lit. a DSGVO oder auf einem Vertrag gem. Art. 6 Abs. 1 lit. B DSGVO beruht und<br>(2) die Verarbeitung mithilfe automatisierter Verfahren erfolgt. In Aus\u00fcbung dieses Rechts haben Sie ferner das Recht, zu erwirken, dass die Sie betreffenden personenbezogenen Daten direkt von einem Verantwortlichen einem anderen Verantwortlichen \u00fcbermittelt werden, soweit dies technisch machbar ist.<br><br>Freiheiten und Rechte anderer Personen d\u00fcrfen hierdurch nicht beeintr\u00e4chtigt werden. Das Recht auf Daten\u00fcbertragbarkeit gilt nicht f\u00fcr eine Verarbeitung personenbezogener Daten, die f\u00fcr die Wahrnehmung einer Aufgabe erforderlich ist, die im \u00f6ffentlichen Interesse liegt oder in Aus\u00fcbung \u00f6ffentlicher Gewalt erfolgt, die dem Verantwortlichen \u00fcbertragen wurde.<\/h6>\n\n<h6 class=\"fonts-plugin-block \" style=\"font-size: 13px !important;color: #656565 !important\"><em>7. Widerspruchsrecht<\/em><br>Sie haben das Recht, aus Gr\u00fcnden, die sich aus ihrer besonderen Situation ergeben, jederzeit gegen die Verarbeitung der Sie betreffenden personenbezogenen Daten, die aufgrund von Art. 6 Abs. 1 lit. e oder f DSGVO erfolgt, Widerspruch einzulegen; dies gilt auch f\u00fcr ein auf diese Bestimmungen gest\u00fctztes Profiling. Der Verantwortliche verarbeitet die Sie betreffenden personenbezogenen Daten nicht mehr, es sei denn, er kann zwingende schutzw\u00fcrdige Gr\u00fcnde f\u00fcr die Verarbeitung nachweisen, die Ihre Interessen, Rechte und Freiheiten \u00fcberwiegen, oder die Verarbeitung dient der Geltendmachung, Aus\u00fcbung oder Verteidigung von Rechtsanspr\u00fcchen. Werden die Sie betreffenden personenbezogenen Daten verarbeitet, um Direktwerbung zu betreiben, haben Sie das Recht, jederzeit Widerspruch gegen die Verarbeitung der Sie betreffenden personenbezogenen Daten zum Zwecke derartiger Werbung einzulegen; dies gilt auch f\u00fcr das Profiling, soweit es mit solcher Direktwerbung in Verbindung steht. Widersprechen Sie der Verarbeitung f\u00fcr Zwecke der Direktwerbung, so werden die Sie betreffenden personenbezogenen Daten nicht mehr f\u00fcr diese Zwecke verarbeitet. Sie haben die M\u00f6glichkeit, im Zusammenhang mit der Nutzung von Diensten der Informationsgesellschaft \u2013 ungeachtet der Richtlinie 2002\/58\/EG \u2013 Ihr Widerspruchsrecht mittels automatisierter Verfahren auszu\u00fcben, bei denen technische Spezifikationen verwendet werden.<\/h6>\n\n<h6 class=\"fonts-plugin-block \" style=\"font-size: 13px !important;color: #656565 !important\"><em>8. Recht auf Widerruf der datenschutzrechtlichen Einwilligungserkl\u00e4rung<\/em><br>Sie haben das Recht, Ihre datenschutzrechtliche Einwilligungserkl\u00e4rung jederzeit zu widerrufen. Durch den Widerruf der Einwilligung wird die Rechtm\u00e4\u00dfigkeit der aufgrund der Einwilligung bis zum Widerruf erfolgten Verarbeitung nicht ber\u00fchrt.<\/h6>\n\n<p class=\"fonts-plugin-block \" style=\"font-size: 13px !important;color: #656565 !important\"><em>9. Recht auf Beschwerde bei einer Aufsichtsbeh\u00f6rde<\/em><br>Unbeschadet eines anderweitigen verwaltungsrechtlichen oder gerichtlichen Rechtsbehelfs steht Ihnen das Recht auf Beschwerde bei einer Aufsichtsbeh\u00f6rde, insbesondere in dem Mitgliedstaat ihres Aufenthaltsorts, ihres Arbeitsplatzes oder des Orts des mutma\u00dflichen Versto\u00dfes, zu, wenn Sie der Ansicht sind, dass die Verarbeitung der Sie betreffenden personenbezogenen Daten gegen die DSGVO verst\u00f6\u00dft. Die Aufsichtsbeh\u00f6rde, bei der die Beschwerde eingereicht wurde, unterrichtet den Beschwerdef\u00fchrer \u00fcber den Stand und die Ergebnisse der Beschwerde einschlie\u00dflich der M\u00f6glichkeit eines gerichtlichen Rechtsbehelfs nach Art. 78 DSGVO.<\/p>\n\n\n<h5 class=\"wp-block-heading\" style=\"font-size:15px\">VII. Datenschutzbestimmungen zu Einsatz und Verwendung von LinkedIn<\/h5>\n\n\n\n<p class=\"has-text-color has-small-font-size\" style=\"color:#656565\">Der f\u00fcr die Verarbeitung Verantwortliche hat auf dieser Internetseite Komponenten der LinkedIn Corporation integriert. LinkedIn ist ein Internetbasiertes soziales Netzwerk, das eine Konnektierung der Nutzer mit bestehenden Gesch\u00e4ftskontakten sowie das Kn\u00fcpfen von neuen Businesskontakten erm\u00f6glicht. \u00dcber 400 Millionen registrierte Personen nutzen LinkedIn in mehr als 200 L\u00e4ndern. Damit ist LinkedIn derzeit die gr\u00f6\u00dfte Plattform f\u00fcr Businesskontakte und eine der meistbesuchten Internetseiten der Welt. Betreibergesellschaft von LinkedIn ist die<br><br>LinkedIn Corporation<br>2029 Stierlin Court Mountain View<br>CA 94043, USA<br><br>F\u00fcr Datenschutzangelegenheiten au\u00dferhalb der USA ist LinkedIn Ireland, Privacy Policy Issues, Wilton Plaza, Wilton Place, Dublin 2, Ireland, zust\u00e4ndig.<\/p>\n\n\n\n<p class=\"has-text-color has-small-font-size\" style=\"color:#656565\">Bei jedem einzelnen Abruf unserer Internetseite, die mit einer LinkedIn-Komponente (LinkedIn-Plug-In) ausgestattet ist, veranlasst diese Komponente, dass der von der betroffenen Person verwendete Browser eine entsprechende Darstellung der Komponente von LinkedIn herunterl\u00e4dt. Weitere Informationen zu den LinkedIn-Plug-Ins k\u00f6nnen unter https:\/\/developer.linkedin.com\/plugins abgerufen werden. Im Rahmen dieses technischen Verfahrens erh\u00e4lt LinkedIn Kenntnis dar\u00fcber, welche konkrete Unterseite unserer Internetseite durch die betroffene Person besucht wird. Sofern die betroffene Person gleichzeitig bei LinkedIn eingeloggt ist, erkennt LinkedIn mit jedem Aufruf unserer Internetseite durch die betroffene Person und w\u00e4hrend der gesamten Dauer des jeweiligen Aufenthaltes auf unserer Internetseite, welche konkrete Unterseite unserer Internetseite die betroffene Person besucht. Diese Informationen werden durch die LinkedIn-Komponente gesammelt und durch LinkedIn dem jeweiligen LinkedIn-Account der betroffenen Person zugeordnet. Bet\u00e4tigt die betroffene Person einen auf unserer Internetseite integrierten LinkedIn-Button, ordnet LinkedIn diese Information dem pers\u00f6nlichen LinkedIn-Benutzerkonto der betroffenen Person zu und speichert diese personenbezogenen Daten. LinkedIn erh\u00e4lt \u00fcber die LinkedIn-Komponente immer dann eine Information dar\u00fcber, dass die betroffene Person unsere Internetseite besucht hat, wenn die betroffene Person zum Zeitpunkt des Aufrufes unserer Internetseite gleichzeitig bei LinkedIn eingeloggt ist; dies findet unabh\u00e4ngig davon statt, ob die betroffene Person die LinkedIn-Komponente anklickt oder nicht. Ist eine derartige \u00dcbermittlung dieser Informationen an LinkedIn von der betroffenen Person nicht gewollt, kann diese die \u00dcbermittlung dadurch verhindern, dass sie sich vor einem Aufruf unserer Internetseite aus ihrem LinkedIn-Account ausloggt. LinkedIn bietet unter https:\/\/www.linkedin.com\/psettings\/guest-controls die M\u00f6glichkeit, E-Mail-Nachrichten, SMS-Nachrichten und zielgerichtete Anzeigen abzubestellen sowie Anzeigen-Einstellungen zu verwalten. LinkedIn nutzt ferner Partner wie Quantcast, Google Analytics, BlueKai, DoubleClick, Nielsen, Comscore, Eloqua und Lotame, die Cookies setzen k\u00f6nnen. Solche Cookies k\u00f6nnen unter https:\/\/www.linkedin.com\/legal\/cookie-policy abgelehnt werden. Die geltenden Datenschutzbestimmungen von LinkedIn sind unter https:\/\/www.linkedin.com\/legal\/privacy-policy abrufbar. Die Cookie-Richtlinie von LinkedIn ist unter https:\/\/www.linkedin.com\/legal\/cookie-policy abrufbar.<\/p>\n\n\n\n<h5 class=\"wp-block-heading\" style=\"font-size:15px\">VIII. Datenschutzbestimmungen zu Einsatz und Verwendung von Xing<\/h5>\n\n\n\n<p class=\"has-text-color has-small-font-size\" style=\"color:#656565\">Der f\u00fcr die Verarbeitung Verantwortliche hat auf dieser Internetseite Komponenten von Xing integriert. Xing ist ein Internetbasiertes soziales Netzwerk, das die Konnektierung der Nutzer mit bestehenden Gesch\u00e4ftskontakten sowie das Kn\u00fcpfen von neuen Businesskontakten erm\u00f6glicht. Die einzelnen Nutzer k\u00f6nnen bei Xing ein pers\u00f6nliches Profil von sich anlegen. Unternehmen k\u00f6nnen beispielsweise Unternehmensprofile erstellen oder Stellenangebote auf Xing ver\u00f6ffentlichen. Betreibergesellschaft von xing.com ist<br><br>New Work SE<br>Am Strandkai 1<br>20457 Hamburg<br>Deutschland<br><br>Durch jeden Aufruf einer der Einzelseiten dieser Internetseite, die durch den f\u00fcr die Verarbeitung Verantwortlichen betrieben wird und auf welcher eine Xing-Komponente (Xing-Plug-In) integriert wurde, wird der Internetbrowser auf dem informationstechnologischen System der betroffenen Person automatisch durch die jeweilige Xing-Komponente veranlasst, eine Darstellung der entsprechenden Xing-Komponente von Xing herunterzuladen. Weitere Informationen zum den Xing-Plug-Ins k\u00f6nnen unter https:\/\/dev.xing.com\/plugins abgerufen werden. Im Rahmen dieses technischen Verfahrens erh\u00e4lt Xing Kenntnis dar\u00fcber, welche konkrete Unterseite unserer Internetseite durch die betroffene Person besucht wird. Sofern die betroffene Person gleichzeitig bei Xing eingeloggt ist, erkennt Xing mit jedem Aufruf unserer Internetseite durch die betroffene Person und w\u00e4hrend der gesamten Dauer des jeweiligen Aufenthaltes auf unserer Internetseite, welche konkrete Unterseite unserer Internetseite die betroffene Person besucht. Diese Informationen werden durch die Xing-Komponente gesammelt und durch Xing dem jeweiligen Xing-Account der betroffenen Person zugeordnet. Bet\u00e4tigt die betroffene Person einen der auf unserer Internetseite integrierten Xing-Buttons, beispielsweise den \u201eShare\u201c-Button, ordnet Xing diese Information dem pers\u00f6nlichen Xing-Benutzerkonto der betroffenen Person zu und speichert diese personenbezogenen Daten. Xing erh\u00e4lt \u00fcber die Xing-Komponente immer dann eine Information dar\u00fcber, dass die betroffene Person unsere Internetseite besucht hat, wenn die betroffene Person zum Zeitpunkt des Aufrufs unserer Internetseite gleichzeitig bei Xing eingeloggt ist; dies findet unabh\u00e4ngig davon statt, ob die betroffene Person die Xing-Komponente anklickt oder nicht. Ist eine derartige \u00dcbermittlung dieser Informationen an Xing von der betroffenen Person nicht gewollt, kann diese die \u00dcbermittlung dadurch verhindern, dass sie sich vor einem Aufruf unserer Internetseite aus ihrem Xing-Account ausloggt. Die von Xing ver\u00f6ffentlichten Datenschutzbestimmungen, die unter https:\/\/www.xing.com\/privacy abrufbar sind, geben Aufschluss \u00fcber die Erhebung, Verarbeitung und Nutzung personenbezogener Daten durch Xing. Ferner hat Xing unter https:\/\/www.xing.com\/app\/share?op=data_protection Datenschutzhinweise f\u00fcr den XING-Share-Button ver\u00f6ffentlicht.<\/p>\n\n\n\n<p style=\"font-size:15px\"><strong>IX. Hosting<\/strong><\/p>\n\n\n\n<p class=\"has-small-font-size\">Wir hosten die Inhalte unserer Website bei:<br><br>Strato AG<br>Otto-Ostrowski-Stra\u00dfe 7<br>10249 Berlin (nachfolgend \u201eStrato\u201c)<br><br>Wenn Sie unsere Website besuchen, erfasst Strato verschiedene Logfiles inklusive Ihrer IP-Adressen. Die Verwendung von Strato erfolgt auf Grundlage von Art. 6 Abs. 1 lit. f DSGVO. Wir haben ein berechtigtes Interesse an einer m\u00f6glichst zuverl\u00e4ssigen Darstellung unserer Website. Sofern eine entsprechende Einwilligung abgefragt wurde, erfolgt die Verarbeitung ausschlie\u00dflich auf Grundlage von Art. 6 Abs. 1 lit. a DSGVO und \u00a7 25 Abs. 1 TTDSG, soweit die Einwilligung die Speicherung von Cookies oder den Zugriff auf Informationen im Endger\u00e4t des Nutzers (z. B. Device-Fingerprinting) im Sinne des TTDSG umfasst. Die Einwilligung ist jederzeit widerrufbar. Weitere Informationen entnehmen Sie der Datenschutzerkl\u00e4rung von Strato:\u00a0https:\/\/www.strato.de\/datenschutz\/<\/p>\n<\/div>","protected":false},"excerpt":{"rendered":"<p>I. Name und Anschrift des Verantwortlichen II. Allgemeines zur Datenverarbeitung<a href=\"https:\/\/pminterim.de\/?page_id=873\">Read More<i class=\"fa fa-long-arrow-right\" aria-hidden=\"true\"><\/i><\/a><\/p>\n","protected":false},"author":1,"featured_media":0,"parent":0,"menu_order":0,"comment_status":"closed","ping_status":"closed","template":"","meta":{"footnotes":""},"class_list":["post-873","page","type-page","status-publish","hentry"],"yoast_head":"<!-- This site is optimized with the Yoast SEO plugin v27.5 - https:\/\/yoast.com\/product\/yoast-seo-wordpress\/ -->\n<title>Datenschutz - PMinterim GmbH<\/title>\n<meta name=\"robots\" content=\"index, follow, max-snippet:-1, max-image-preview:large, max-video-preview:-1\" \/>\n<link rel=\"canonical\" href=\"https:\/\/pminterim.de\/?page_id=873\" \/>\n<meta name=\"twitter:card\" content=\"summary_large_image\" \/>\n<meta name=\"twitter:title\" content=\"Datenschutz - PMinterim GmbH\" \/>\n<meta name=\"twitter:description\" content=\"I. Name und Anschrift des Verantwortlichen II. Allgemeines zur DatenverarbeitungRead More\" \/>\n<meta name=\"twitter:label1\" content=\"Gesch\u00e4tzte Lesezeit\" \/>\n\t<meta name=\"twitter:data1\" content=\"5\u00a0Minuten\" \/>\n<script type=\"application\/ld+json\" class=\"yoast-schema-graph\">{\"@context\":\"https:\\\/\\\/schema.org\",\"@graph\":[{\"@type\":\"WebPage\",\"@id\":\"https:\\\/\\\/pminterim.de\\\/?page_id=873\",\"url\":\"https:\\\/\\\/pminterim.de\\\/?page_id=873\",\"name\":\"Datenschutz - PMinterim GmbH\",\"isPartOf\":{\"@id\":\"https:\\\/\\\/pminterim.de\\\/#website\"},\"datePublished\":\"2020-10-09T12:24:51+00:00\",\"dateModified\":\"2023-03-03T18:18:54+00:00\",\"breadcrumb\":{\"@id\":\"https:\\\/\\\/pminterim.de\\\/?page_id=873#breadcrumb\"},\"inLanguage\":\"de\",\"potentialAction\":[{\"@type\":\"ReadAction\",\"target\":[\"https:\\\/\\\/pminterim.de\\\/?page_id=873\"]}]},{\"@type\":\"BreadcrumbList\",\"@id\":\"https:\\\/\\\/pminterim.de\\\/?page_id=873#breadcrumb\",\"itemListElement\":[{\"@type\":\"ListItem\",\"position\":1,\"name\":\"Startseite\",\"item\":\"https:\\\/\\\/pminterim.de\\\/\"},{\"@type\":\"ListItem\",\"position\":2,\"name\":\"Datenschutz\"}]},{\"@type\":\"WebSite\",\"@id\":\"https:\\\/\\\/pminterim.de\\\/#website\",\"url\":\"https:\\\/\\\/pminterim.de\\\/\",\"name\":\"PMinterim GmbH\",\"description\":\"Interim Management | Transformation | Consulting\",\"publisher\":{\"@id\":\"https:\\\/\\\/pminterim.de\\\/#\\\/schema\\\/person\\\/4e09ce0c5c1806e7b940f88101e14c5b\"},\"potentialAction\":[{\"@type\":\"SearchAction\",\"target\":{\"@type\":\"EntryPoint\",\"urlTemplate\":\"https:\\\/\\\/pminterim.de\\\/?s={search_term_string}\"},\"query-input\":{\"@type\":\"PropertyValueSpecification\",\"valueRequired\":true,\"valueName\":\"search_term_string\"}}],\"inLanguage\":\"de\"},{\"@type\":[\"Person\",\"Organization\"],\"@id\":\"https:\\\/\\\/pminterim.de\\\/#\\\/schema\\\/person\\\/4e09ce0c5c1806e7b940f88101e14c5b\",\"name\":\"webmaster\",\"image\":{\"@type\":\"ImageObject\",\"inLanguage\":\"de\",\"@id\":\"https:\\\/\\\/secure.gravatar.com\\\/avatar\\\/726f73f8832e95967974e3b6555f201819ac821eb3c7b42417b3bfcc35460d83?s=96&d=mm&r=g\",\"url\":\"https:\\\/\\\/secure.gravatar.com\\\/avatar\\\/726f73f8832e95967974e3b6555f201819ac821eb3c7b42417b3bfcc35460d83?s=96&d=mm&r=g\",\"contentUrl\":\"https:\\\/\\\/secure.gravatar.com\\\/avatar\\\/726f73f8832e95967974e3b6555f201819ac821eb3c7b42417b3bfcc35460d83?s=96&d=mm&r=g\",\"caption\":\"webmaster\"},\"logo\":{\"@id\":\"https:\\\/\\\/secure.gravatar.com\\\/avatar\\\/726f73f8832e95967974e3b6555f201819ac821eb3c7b42417b3bfcc35460d83?s=96&d=mm&r=g\"}}]}<\/script>\n<!-- \/ Yoast SEO plugin. -->","yoast_head_json":{"title":"Datenschutz - PMinterim GmbH","robots":{"index":"index","follow":"follow","max-snippet":"max-snippet:-1","max-image-preview":"max-image-preview:large","max-video-preview":"max-video-preview:-1"},"canonical":"https:\/\/pminterim.de\/?page_id=873","twitter_card":"summary_large_image","twitter_title":"Datenschutz - PMinterim GmbH","twitter_description":"I. Name und Anschrift des Verantwortlichen II. Allgemeines zur DatenverarbeitungRead More","twitter_misc":{"Gesch\u00e4tzte Lesezeit":"5\u00a0Minuten"},"schema":{"@context":"https:\/\/schema.org","@graph":[{"@type":"WebPage","@id":"https:\/\/pminterim.de\/?page_id=873","url":"https:\/\/pminterim.de\/?page_id=873","name":"Datenschutz - PMinterim GmbH","isPartOf":{"@id":"https:\/\/pminterim.de\/#website"},"datePublished":"2020-10-09T12:24:51+00:00","dateModified":"2023-03-03T18:18:54+00:00","breadcrumb":{"@id":"https:\/\/pminterim.de\/?page_id=873#breadcrumb"},"inLanguage":"de","potentialAction":[{"@type":"ReadAction","target":["https:\/\/pminterim.de\/?page_id=873"]}]},{"@type":"BreadcrumbList","@id":"https:\/\/pminterim.de\/?page_id=873#breadcrumb","itemListElement":[{"@type":"ListItem","position":1,"name":"Startseite","item":"https:\/\/pminterim.de\/"},{"@type":"ListItem","position":2,"name":"Datenschutz"}]},{"@type":"WebSite","@id":"https:\/\/pminterim.de\/#website","url":"https:\/\/pminterim.de\/","name":"PMinterim GmbH","description":"Interim Management | Transformation | Consulting","publisher":{"@id":"https:\/\/pminterim.de\/#\/schema\/person\/4e09ce0c5c1806e7b940f88101e14c5b"},"potentialAction":[{"@type":"SearchAction","target":{"@type":"EntryPoint","urlTemplate":"https:\/\/pminterim.de\/?s={search_term_string}"},"query-input":{"@type":"PropertyValueSpecification","valueRequired":true,"valueName":"search_term_string"}}],"inLanguage":"de"},{"@type":["Person","Organization"],"@id":"https:\/\/pminterim.de\/#\/schema\/person\/4e09ce0c5c1806e7b940f88101e14c5b","name":"webmaster","image":{"@type":"ImageObject","inLanguage":"de","@id":"https:\/\/secure.gravatar.com\/avatar\/726f73f8832e95967974e3b6555f201819ac821eb3c7b42417b3bfcc35460d83?s=96&d=mm&r=g","url":"https:\/\/secure.gravatar.com\/avatar\/726f73f8832e95967974e3b6555f201819ac821eb3c7b42417b3bfcc35460d83?s=96&d=mm&r=g","contentUrl":"https:\/\/secure.gravatar.com\/avatar\/726f73f8832e95967974e3b6555f201819ac821eb3c7b42417b3bfcc35460d83?s=96&d=mm&r=g","caption":"webmaster"},"logo":{"@id":"https:\/\/secure.gravatar.com\/avatar\/726f73f8832e95967974e3b6555f201819ac821eb3c7b42417b3bfcc35460d83?s=96&d=mm&r=g"}}]}},"_links":{"self":[{"href":"https:\/\/pminterim.de\/index.php?rest_route=\/wp\/v2\/pages\/873","targetHints":{"allow":["GET"]}}],"collection":[{"href":"https:\/\/pminterim.de\/index.php?rest_route=\/wp\/v2\/pages"}],"about":[{"href":"https:\/\/pminterim.de\/index.php?rest_route=\/wp\/v2\/types\/page"}],"author":[{"embeddable":true,"href":"https:\/\/pminterim.de\/index.php?rest_route=\/wp\/v2\/users\/1"}],"replies":[{"embeddable":true,"href":"https:\/\/pminterim.de\/index.php?rest_route=%2Fwp%2Fv2%2Fcomments&post=873"}],"version-history":[{"count":10,"href":"https:\/\/pminterim.de\/index.php?rest_route=\/wp\/v2\/pages\/873\/revisions"}],"predecessor-version":[{"id":1299,"href":"https:\/\/pminterim.de\/index.php?rest_route=\/wp\/v2\/pages\/873\/revisions\/1299"}],"wp:attachment":[{"href":"https:\/\/pminterim.de\/index.php?rest_route=%2Fwp%2Fv2%2Fmedia&parent=873"}],"curies":[{"name":"wp","href":"https:\/\/api.w.org\/{rel}","templated":true}]}}